{"id":792,"date":"2019-10-14T14:04:55","date_gmt":"2019-10-14T12:04:55","guid":{"rendered":"http:\/\/stenhammar.hamstage.hamrenmedia.se\/om-wsmic\/"},"modified":"2025-09-05T13:27:34","modified_gmt":"2025-09-05T11:27:34","slug":"om-wsimc","status":"publish","type":"page","link":"https:\/\/www.stenhammarcompetition.se\/sv\/om-wsimc\/","title":{"rendered":"Om WSIMC"},"content":{"rendered":"\t\t<div data-elementor-type=\"wp-page\" data-elementor-id=\"792\" class=\"elementor elementor-792 elementor-8\">\n\t\t\t\t\t\t<div class=\"elementor-inner\">\n\t\t\t\t<div class=\"elementor-section-wrap\">\n\t\t\t\t\t\t\t\t\t<section class=\"elementor-section elementor-top-section elementor-element elementor-element-50ef801c top-section subpage elementor-section-boxed elementor-section-height-default elementor-section-height-default\" data-id=\"50ef801c\" data-element_type=\"section\" data-settings=\"{&quot;background_background&quot;:&quot;classic&quot;}\">\n\t\t\t\t\t\t<div class=\"elementor-container elementor-column-gap-default\">\n\t\t\t\t\t\t\t<div class=\"elementor-row\">\n\t\t\t\t\t<div class=\"elementor-column elementor-col-100 elementor-top-column elementor-element elementor-element-4f09259a top-image\" data-id=\"4f09259a\" data-element_type=\"column\" data-settings=\"{&quot;background_background&quot;:&quot;classic&quot;}\">\n\t\t\t<div class=\"elementor-column-wrap elementor-element-populated\">\n\t\t\t\t\t\t\t<div class=\"elementor-widget-wrap\">\n\t\t\t\t\t\t<div class=\"elementor-element elementor-element-7d27b00 elementor-widget elementor-widget-breadcrumbs\" data-id=\"7d27b00\" data-element_type=\"widget\" data-widget_type=\"breadcrumbs.default\">\n\t\t\t\t<div class=\"elementor-widget-container\">\n\t\t\t<p id=\"breadcrumbs\"><span><span><a href=\"https:\/\/www.stenhammarcompetition.se\/sv\/\">WSIMC<\/a><\/span><\/span><\/p>\t\t<\/div>\n\t\t\t\t<\/div>\n\t\t\t\t<div class=\"elementor-element elementor-element-6668f23a light-button elementor-widget elementor-widget-button\" data-id=\"6668f23a\" data-element_type=\"widget\" data-widget_type=\"button.default\">\n\t\t\t\t<div class=\"elementor-widget-container\">\n\t\t\t\t\t<div class=\"elementor-button-wrapper\">\n\t\t\t<a href=\"http:\/\/om\" class=\"elementor-button-link elementor-button elementor-size-sm\" role=\"button\">\n\t\t\t\t\t\t<span class=\"elementor-button-content-wrapper\">\n\t\t\t\t\t\t\t<span class=\"elementor-button-icon elementor-align-icon-left\">\n\t\t\t\t<i aria-hidden=\"true\" class=\"fas fa-long-arrow-alt-down\"><\/i>\t\t\t<\/span>\n\t\t\t\t\t\t<span class=\"elementor-button-text\">L\u00e4s om WSMIC<\/span>\n\t\t<\/span>\n\t\t\t\t\t<\/a>\n\t\t<\/div>\n\t\t\t\t<\/div>\n\t\t\t\t<\/div>\n\t\t\t\t\t\t<\/div>\n\t\t\t\t\t<\/div>\n\t\t<\/div>\n\t\t\t\t\t\t\t\t<\/div>\n\t\t\t\t\t<\/div>\n\t\t<\/section>\n\t\t\t\t<section class=\"elementor-section elementor-top-section elementor-element elementor-element-70ddee86 narrow top-section subpage ingress-section elementor-section-boxed elementor-section-height-default elementor-section-height-default\" data-id=\"70ddee86\" data-element_type=\"section\" id=\"about\">\n\t\t\t\t\t\t<div class=\"elementor-container elementor-column-gap-default\">\n\t\t\t\t\t\t\t<div class=\"elementor-row\">\n\t\t\t\t\t<div class=\"elementor-column elementor-col-66 elementor-top-column elementor-element elementor-element-83f5b96\" data-id=\"83f5b96\" data-element_type=\"column\">\n\t\t\t<div class=\"elementor-column-wrap elementor-element-populated\">\n\t\t\t\t\t\t\t<div class=\"elementor-widget-wrap\">\n\t\t\t\t\t\t<div class=\"elementor-element elementor-element-71c99de7 elementor-widget elementor-widget-heading\" data-id=\"71c99de7\" data-element_type=\"widget\" data-widget_type=\"heading.default\">\n\t\t\t\t<div class=\"elementor-widget-container\">\n\t\t\t<h1 class=\"elementor-heading-title elementor-size-default\">Wilhelm Stenhammar International Music competition<\/h1>\t\t<\/div>\n\t\t\t\t<\/div>\n\t\t\t\t<div class=\"elementor-element elementor-element-567a4eb9 pre elementor-widget elementor-widget-text-editor\" data-id=\"567a4eb9\" data-element_type=\"widget\" data-widget_type=\"text-editor.default\">\n\t\t\t\t<div class=\"elementor-widget-container\">\n\t\t\t\t\t\t\t\t<div class=\"elementor-text-editor elementor-clearfix\">\n\t\t\t\t<p>T\u00e4vlingen \u00e4r en sju dagar l\u00e5ng t\u00e4vling och musikfestival med fri entr\u00e9 p\u00e5 t\u00e4vlingsdagarna. Det \u00e4r endast den stora finalkonserten som kr\u00e4ver biljett. WSIMC ger publiken en unik m\u00f6jlighet att uppt\u00e4cka kommande v\u00e4rldsstj\u00e4rnor!<\/p>\t\t\t\t\t<\/div>\n\t\t\t\t\t\t<\/div>\n\t\t\t\t<\/div>\n\t\t\t\t\t\t<\/div>\n\t\t\t\t\t<\/div>\n\t\t<\/div>\n\t\t\t\t<div class=\"elementor-column elementor-col-33 elementor-top-column elementor-element elementor-element-2550cc38 feather\" data-id=\"2550cc38\" data-element_type=\"column\">\n\t\t\t<div class=\"elementor-column-wrap elementor-element-populated\">\n\t\t\t\t\t\t\t<div class=\"elementor-widget-wrap\">\n\t\t\t\t\t\t<div class=\"elementor-element elementor-element-4633c199 elementor-widget elementor-widget-image\" data-id=\"4633c199\" data-element_type=\"widget\" data-widget_type=\"image.default\">\n\t\t\t\t<div class=\"elementor-widget-container\">\n\t\t\t\t\t\t\t\t<div class=\"elementor-image\">\n\t\t\t\t\t\t\t\t\t\t\t\t<img decoding=\"async\" width=\"144\" height=\"336\" src=\"https:\/\/www.stenhammarcompetition.se\/wp-content\/uploads\/2019\/09\/feather.png\" class=\"attachment-large size-large wp-image-174\" alt=\"Stenhammar logo feather\" loading=\"lazy\" srcset=\"https:\/\/www.stenhammarcompetition.se\/wp-content\/uploads\/2019\/09\/feather.png 144w, https:\/\/www.stenhammarcompetition.se\/wp-content\/uploads\/2019\/09\/feather-129x300.png 129w\" sizes=\"(max-width: 144px) 100vw, 144px\" \/>\t\t\t\t\t\t\t\t\t\t\t\t\t\t<\/div>\n\t\t\t\t\t\t<\/div>\n\t\t\t\t<\/div>\n\t\t\t\t\t\t<\/div>\n\t\t\t\t\t<\/div>\n\t\t<\/div>\n\t\t\t\t\t\t\t\t<\/div>\n\t\t\t\t\t<\/div>\n\t\t<\/section>\n\t\t\t\t<section class=\"elementor-section elementor-top-section elementor-element elementor-element-8103293 narrow two-col elementor-section-boxed elementor-section-height-default elementor-section-height-default\" data-id=\"8103293\" data-element_type=\"section\">\n\t\t\t\t\t\t<div class=\"elementor-container elementor-column-gap-default\">\n\t\t\t\t\t\t\t<div class=\"elementor-row\">\n\t\t\t\t\t<div class=\"elementor-column elementor-col-100 elementor-top-column elementor-element elementor-element-de2702e\" data-id=\"de2702e\" data-element_type=\"column\">\n\t\t\t<div class=\"elementor-column-wrap elementor-element-populated\">\n\t\t\t\t\t\t\t<div class=\"elementor-widget-wrap\">\n\t\t\t\t\t\t<div class=\"elementor-element elementor-element-16b927a elementor-widget elementor-widget-heading\" data-id=\"16b927a\" data-element_type=\"widget\" data-widget_type=\"heading.default\">\n\t\t\t\t<div class=\"elementor-widget-container\">\n\t\t\t<h2 class=\"elementor-heading-title elementor-size-default\">Varannat \u00e5r sedan 2006<\/h2>\t\t<\/div>\n\t\t\t\t<\/div>\n\t\t\t\t<div class=\"elementor-element elementor-element-0b7ed35 elementor-widget elementor-widget-text-editor\" data-id=\"0b7ed35\" data-element_type=\"widget\" data-widget_type=\"text-editor.default\">\n\t\t\t\t<div class=\"elementor-widget-container\">\n\t\t\t\t\t\t\t\t<div class=\"elementor-text-editor elementor-clearfix\">\n\t\t\t\t<p>Wilhelm Stenhammar International Music Competition, WSIMC, invigdes i juni 2006 med Kung Carl Gustaf och Drottning Silvia som hedersg\u00e4ster. Sedan dess har t\u00e4vlingen genomf\u00f6rts alla j\u00e4mna \u00e5r.<br \/>\nSpecifikt f\u00f6r t\u00e4vlingen \u00e4r att alla m\u00e5ste framf\u00f6ra ett verk av Wilhelm Stenhammar. Sedan n\u00e5gra \u00e5r utdelas \u00e4ven ett s\u00e4rskilt pris f\u00f6r b\u00e4sta Stenhammartolkning.<\/p>\n<h3>Den enda svenska t\u00e4vlingen av sitt slag<\/h3>\n<p>Sverige hade tidigare inte haft n\u00e5gon internationell musikt\u00e4vling inom klassisk musik &#8211; en stor och levande gren inom musiklivet. Internationella musikfestivaler har oftast handlat om rock- och popmusik.<\/p>\n<p>Genom WSIMC f\u00e5r s\u00e5ngare och publik kontakter \u00f6ver hela v\u00e4rlden. Unga f\u00e4rdigutbildade s\u00e5ngare f\u00e5r ett forum att visa upp sig p\u00e5 och d\u00e4rmed ocks\u00e5 hj\u00e4lp med att starta sin karri\u00e4r. De svenska deltagarna sporras att f\u00f6rkovra sig och m\u00e4ta sin kapacitet mot andra internationella s\u00e5ngare.<\/p>\n<h3>Stenhammarfamiljen, en sl\u00e4kt med l\u00e5nga anor lokalt<\/h3>\n<p>\u00d6sterg\u00f6tland \u00e4r den naturliga platsen f\u00f6r en musikt\u00e4vling med den k\u00e4nde svenske tons\u00e4ttaren Wilhelm Stenhammars namn, d\u00e5 Stenhammarsl\u00e4kten funnits i \u00d6sterg\u00f6tland sedan 1500-talet.<\/p>\n<h3>V\u00e4rdfamiljer under t\u00e4vlingen<\/h3>\n<p>T\u00e4vlingen genomf\u00f6rs i Norrk\u00f6ping och en m\u00e4ngd fina kontakter har bildats genom att m\u00e5nga s\u00e5ngare bor privat i v\u00e4rdfamiljer. En fin introduktion till staden, och roligt f\u00f6r familjerna som sedan kan f\u00f6lja \u201dsina\u201d s\u00e5ngare och h\u00f6ra dem sjunga p\u00e5 utl\u00e4ndska scener.<\/p>\n<h3>Samarbete med Norrk\u00f6pings Symfoniorkester<\/h3>\n<p>Samarbetet med Norrk\u00f6pings Symfoniorkester har stor betydelse<br \/>\nf\u00f6r t\u00e4vlingens kvalitet och genomf\u00f6rande. Finalkonserten m\u00e5ste alltid ackompanjeras av en professionell symfoniorkester. T\u00e4vlingen \u00e4ger rum i en av Sveriges vackraste konsertsalar \u2013 De Geerhallen. Med sina 1300 platser och centralt l\u00e4ge i Norrk\u00f6pings historiska industrilandskap erbjuder den, med sina vackra omgivningar, en stimulerande och sp\u00e4nnande milj\u00f6.<\/p>\n<h3>Framg\u00e5ngar f\u00f6r deltagare efter t\u00e4vlingen<\/h3>\n<p>Gl\u00e4djande nyheter kommer st\u00e4ndigt fr\u00e5n s\u00e5ngare som deltagit i WSIMC, flera av v\u00e5ra f\u00f6rstapristagare sjunger nu p\u00e5 de stora operascenerna runt om i v\u00e4rlden.<\/p>\n<p>Sopranen Ekaterina Godovanets, Ryssland (1: a pris 2006) \u00e4r numera fast engagerad vid N\u00fcrnbergoperan. Julia Novikova, Ryssland (3: e pristagare 2006) var tillsammans med v\u00e4rldstenoren Placido Domingo, engagerad att sjunga i en stor TV-s\u00e4ndning av operan Rigoletto som s\u00e4ndes i 28 l\u00e4nder. Julia har \u00e4ven varit engagerad vid Staatsoper i Wien och nyligen gjorde hon succ\u00e9 i Stravinskijs opera \u201dN\u00e4ktergalen\u201d p\u00e5 Pragoperan. Layla Claire, Kanada (3: e pristagare 2008) har sjungit med v\u00e4rldsdirigenten James Levine p\u00e5 Metropolitan i New York.<br \/>\nTenoren Jaesig Lee, Sydkorea (1: a pris 2010) sjunger regelbundet p\u00e5 de stora scenerna i Tyskland.<\/p>\n<p>Vid t\u00e4vlingen 2012 var kvalit\u00e9n s\u00e5 h\u00f6g att juryn uts\u00e5g tv\u00e5 f\u00f6rstapristagare. Vi gl\u00e4der oss extra \u00e5t att det blev en svensk pristagare \u2013 tenoren Daniel Johansson, som fick dela priset med den ryska sopranen Alexandra Popandopulo. Daniel Johansson sjunger numera p\u00e5 flera stora operascener, Den Norske Opera, Kungliga Operan i Stockholm, Geneveoperan m.fl.<\/p>\n<p>\u00c4ven 2016 blev det en svensk f\u00f6rstapristagare \u2013 sopranen Christina Nilsson, som \u00e4ven fick publikens pris. Christina sjunger nu regelbundet p\u00e5 de stora scenerna v\u00e4rlden \u00f6ver &#8211; Frankfurt, Lausanne och Wien m.fl. Hon gjorde ocks\u00e5 stor succ\u00e9 som Aida p\u00e5 Kungl. Operan i Stockholm.<\/p>\n<h3>Finalist- och prisvinnarkonserter<\/h3>\n<p>Vi har efter n\u00e5gra t\u00e4vlingar, \u00e4ven gett Finalistkonserter i Stockholms konserthus, G\u00f6teborgs konserthus, Dalhalla samt p\u00e5 operorna i Kairo, Alexandria och Doha.<\/p>\n\t\t\t\t\t<\/div>\n\t\t\t\t\t\t<\/div>\n\t\t\t\t<\/div>\n\t\t\t\t\t\t<\/div>\n\t\t\t\t\t<\/div>\n\t\t<\/div>\n\t\t\t\t\t\t\t\t<\/div>\n\t\t\t\t\t<\/div>\n\t\t<\/section>\n\t\t\t\t<section class=\"elementor-section elementor-top-section elementor-element elementor-element-8561ec4 narrow elementor-section-boxed elementor-section-height-default elementor-section-height-default\" data-id=\"8561ec4\" data-element_type=\"section\">\n\t\t\t\t\t\t<div class=\"elementor-container elementor-column-gap-default\">\n\t\t\t\t\t\t\t<div class=\"elementor-row\">\n\t\t\t\t\t<div class=\"elementor-column elementor-col-100 elementor-top-column elementor-element elementor-element-21e10f3\" data-id=\"21e10f3\" data-element_type=\"column\">\n\t\t\t<div class=\"elementor-column-wrap elementor-element-populated\">\n\t\t\t\t\t\t\t<div class=\"elementor-widget-wrap\">\n\t\t\t\t\t\t<div class=\"elementor-element elementor-element-43257fc elementor-widget elementor-widget-heading\" data-id=\"43257fc\" data-element_type=\"widget\" data-widget_type=\"heading.default\">\n\t\t\t\t<div class=\"elementor-widget-container\">\n\t\t\t<h2 class=\"elementor-heading-title elementor-size-default\">Wilhelm Stenhammars Stiftelse<\/h2>\t\t<\/div>\n\t\t\t\t<\/div>\n\t\t\t\t<section class=\"elementor-section elementor-inner-section elementor-element elementor-element-350342b elementor-section-boxed elementor-section-height-default elementor-section-height-default\" data-id=\"350342b\" data-element_type=\"section\">\n\t\t\t\t\t\t<div class=\"elementor-container elementor-column-gap-default\">\n\t\t\t\t\t\t\t<div class=\"elementor-row\">\n\t\t\t\t\t<div class=\"elementor-column elementor-col-50 elementor-inner-column elementor-element elementor-element-682412e\" data-id=\"682412e\" data-element_type=\"column\">\n\t\t\t<div class=\"elementor-column-wrap elementor-element-populated\">\n\t\t\t\t\t\t\t<div class=\"elementor-widget-wrap\">\n\t\t\t\t\t\t<div class=\"elementor-element elementor-element-2e61da9 elementor-widget elementor-widget-text-editor\" data-id=\"2e61da9\" data-element_type=\"widget\" data-widget_type=\"text-editor.default\">\n\t\t\t\t<div class=\"elementor-widget-container\">\n\t\t\t\t\t\t\t\t<div class=\"elementor-text-editor elementor-clearfix\">\n\t\t\t\t<p>Wilhelm Stenhammars Stiftelse bildades 2005 av Edla Stenhammar, Olof Stenhammar, Sonja Stenhammar, Olof Svenfelt och Norrk\u00f6pings kommun.<\/p>\n<p>Stiftelsen \u00e4r ideell. De g\u00e5vor och bidrag som stiftelsen erh\u00e5ller och eventuell avkastning anv\u00e4nds f\u00f6r musikt\u00e4vlingarnas \u00e4ndam\u00e5l.<br \/>\nMedel som doneras f\u00f6rvaltas och anv\u00e4nds i enlighet med respektive donators \u00f6nskan, inom ramarna f\u00f6r stiftelsens verksamhet.<\/p>\n\t\t\t\t\t<\/div>\n\t\t\t\t\t\t<\/div>\n\t\t\t\t<\/div>\n\t\t\t\t\t\t<\/div>\n\t\t\t\t\t<\/div>\n\t\t<\/div>\n\t\t\t\t<div class=\"elementor-column elementor-col-50 elementor-inner-column elementor-element elementor-element-f4039d5 foundation-list\" data-id=\"f4039d5\" data-element_type=\"column\">\n\t\t\t<div class=\"elementor-column-wrap elementor-element-populated\">\n\t\t\t\t\t\t\t<div class=\"elementor-widget-wrap\">\n\t\t\t\t\t\t<div class=\"elementor-element elementor-element-a770c2f elementor-icon-list--layout-traditional elementor-list-item-link-full_width elementor-widget elementor-widget-icon-list\" data-id=\"a770c2f\" data-element_type=\"widget\" data-widget_type=\"icon-list.default\">\n\t\t\t\t<div class=\"elementor-widget-container\">\n\t\t\t\t\t<ul class=\"elementor-icon-list-items\">\n\t\t\t\t\t\t\t<li class=\"elementor-icon-list-item\">\n\t\t\t\t\t\t\t\t\t\t\t<span class=\"elementor-icon-list-icon\">\n\t\t\t\t\t\t\t<i aria-hidden=\"true\" class=\"fas fa-gavel\"><\/i>\t\t\t\t\t\t<\/span>\n\t\t\t\t\t\t\t\t\t\t<span class=\"elementor-icon-list-text\">Claes Egnell \u2013 ordf\u00f6rande<\/span>\n\t\t\t\t\t\t\t\t\t<\/li>\n\t\t\t\t\t\t\t\t<li class=\"elementor-icon-list-item\">\n\t\t\t\t\t\t\t\t\t\t\t<span class=\"elementor-icon-list-icon\">\n\t\t\t\t\t\t\t<i aria-hidden=\"true\" class=\"fas fa-user-tie\"><\/i>\t\t\t\t\t\t<\/span>\n\t\t\t\t\t\t\t\t\t\t<span class=\"elementor-icon-list-text\">Olof Stenhammar \u2013 hedersordf\u00f6rande<\/span>\n\t\t\t\t\t\t\t\t\t<\/li>\n\t\t\t\t\t\t\t\t<li class=\"elementor-icon-list-item\">\n\t\t\t\t\t\t\t\t\t\t\t<span class=\"elementor-icon-list-icon\">\n\t\t\t\t\t\t\t<i aria-hidden=\"true\" class=\"fas fa-icons\"><\/i>\t\t\t\t\t\t<\/span>\n\t\t\t\t\t\t\t\t\t\t<span class=\"elementor-icon-list-text\">Sonja Stenhammar \u2013 ledamot (initiativtagare, konstn\u00e4rlig ledare)<\/span>\n\t\t\t\t\t\t\t\t\t<\/li>\n\t\t\t\t\t\t\t\t<li class=\"elementor-icon-list-item\">\n\t\t\t\t\t\t\t\t\t\t\t<span class=\"elementor-icon-list-icon\">\n\t\t\t\t\t\t\t<i aria-hidden=\"true\" class=\"fas fa-music\"><\/i>\t\t\t\t\t\t<\/span>\n\t\t\t\t\t\t\t\t\t\t<span class=\"elementor-icon-list-text\">Henrik Marm\u00e9n \u2013 konstn\u00e4rlig chef Norrk\u00f6pings Symfoniorkester<\/span>\n\t\t\t\t\t\t\t\t\t<\/li>\n\t\t\t\t\t\t\t\t<li class=\"elementor-icon-list-item\">\n\t\t\t\t\t\t\t\t\t\t\t<span class=\"elementor-icon-list-icon\">\n\t\t\t\t\t\t\t<i aria-hidden=\"true\" class=\"fas fa-user\"><\/i>\t\t\t\t\t\t<\/span>\n\t\t\t\t\t\t\t\t\t\t<span class=\"elementor-icon-list-text\">Karin Veres \u2013 ledamot<\/span>\n\t\t\t\t\t\t\t\t\t<\/li>\n\t\t\t\t\t\t\t\t<li class=\"elementor-icon-list-item\">\n\t\t\t\t\t\t\t\t\t\t\t<span class=\"elementor-icon-list-icon\">\n\t\t\t\t\t\t\t<i aria-hidden=\"true\" class=\"fas fa-user\"><\/i>\t\t\t\t\t\t<\/span>\n\t\t\t\t\t\t\t\t\t\t<span class=\"elementor-icon-list-text\">Anders Boqvist \u2013 ledamot<\/span>\n\t\t\t\t\t\t\t\t\t<\/li>\n\t\t\t\t\t\t\t\t<li class=\"elementor-icon-list-item\">\n\t\t\t\t\t\t\t\t\t\t\t<span class=\"elementor-icon-list-icon\">\n\t\t\t\t\t\t\t<i aria-hidden=\"true\" class=\"fas fa-user-clock\"><\/i>\t\t\t\t\t\t<\/span>\n\t\t\t\t\t\t\t\t\t\t<span class=\"elementor-icon-list-text\">Helena Nordander \u2013 adjungerad ledamot<\/span>\n\t\t\t\t\t\t\t\t\t<\/li>\n\t\t\t\t\t\t<\/ul>\n\t\t\t\t<\/div>\n\t\t\t\t<\/div>\n\t\t\t\t\t\t<\/div>\n\t\t\t\t\t<\/div>\n\t\t<\/div>\n\t\t\t\t\t\t\t\t<\/div>\n\t\t\t\t\t<\/div>\n\t\t<\/section>\n\t\t\t\t\t\t<\/div>\n\t\t\t\t\t<\/div>\n\t\t<\/div>\n\t\t\t\t\t\t\t\t<\/div>\n\t\t\t\t\t<\/div>\n\t\t<\/section>\n\t\t\t\t\t\t\t\t\t<\/div>\n\t\t\t<\/div>\n\t\t\t\t\t<\/div>\n\t\t","protected":false},"excerpt":{"rendered":"<p>L\u00e4s om WSMIC Wilhelm Stenhammar International Music competition T\u00e4vlingen \u00e4r en sju dagar l\u00e5ng t\u00e4vling och musikfestival med fri entr\u00e9 p\u00e5 t\u00e4vlingsdagarna. Det \u00e4r endast den stora finalkonserten som kr\u00e4ver biljett. WSIMC ger publiken en unik m\u00f6jlighet att uppt\u00e4cka kommande v\u00e4rldsstj\u00e4rnor! Varannat \u00e5r sedan 2006 Wilhelm Stenhammar International Music Competition, WSIMC, invigdes i juni 2006 [&hellip;]<\/p>\n","protected":false},"author":1,"featured_media":0,"parent":0,"menu_order":0,"comment_status":"closed","ping_status":"closed","template":"","meta":[],"acf":[],"yoast_head":"<!-- This site is optimized with the Yoast SEO plugin v20.9 - https:\/\/yoast.com\/wordpress\/plugins\/seo\/ -->\n<title>Om WSIMC - WSIMC WSIMC<\/title>\n<meta name=\"description\" content=\"T\u00e4vlingen \u00e4r en \u00e5tta dagar l\u00e5ng t\u00e4vling och musikfestival. WSIMC ger publiken en unik m\u00f6jlighet att uppt\u00e4cka v\u00e5ra kommande v\u00e4rldsstj\u00e4rnor. V\u00e4lkommen!\" \/>\n<meta name=\"robots\" content=\"index, follow, max-snippet:-1, max-image-preview:large, max-video-preview:-1\" \/>\n<link rel=\"canonical\" href=\"https:\/\/www.stenhammarcompetition.se\/sv\/om-wsimc\/\" \/>\n<meta property=\"og:locale\" content=\"sv_SE\" \/>\n<meta property=\"og:type\" content=\"article\" \/>\n<meta property=\"og:title\" content=\"Om WSIMC - WSIMC WSIMC\" \/>\n<meta property=\"og:description\" content=\"T\u00e4vlingen \u00e4r en \u00e5tta dagar l\u00e5ng t\u00e4vling och musikfestival. WSIMC ger publiken en unik m\u00f6jlighet att uppt\u00e4cka v\u00e5ra kommande v\u00e4rldsstj\u00e4rnor. V\u00e4lkommen!\" \/>\n<meta property=\"og:url\" content=\"https:\/\/www.stenhammarcompetition.se\/sv\/om-wsimc\/\" \/>\n<meta property=\"og:site_name\" content=\"WSIMC\" \/>\n<meta property=\"article:modified_time\" content=\"2025-09-05T11:27:34+00:00\" \/>\n<meta property=\"og:image\" content=\"https:\/\/www.stenhammarcompetition.se\/wp-content\/uploads\/2019\/09\/feather.png\" \/>\n<meta name=\"twitter:card\" content=\"summary_large_image\" \/>\n<meta name=\"twitter:label1\" content=\"Ber\u00e4knad l\u00e4stid\" \/>\n\t<meta name=\"twitter:data1\" content=\"4 minuter\" \/>\n<script type=\"application\/ld+json\" class=\"yoast-schema-graph\">{\"@context\":\"https:\/\/schema.org\",\"@graph\":[{\"@type\":\"WebPage\",\"@id\":\"https:\/\/www.stenhammarcompetition.se\/sv\/om-wsimc\/\",\"url\":\"https:\/\/www.stenhammarcompetition.se\/sv\/om-wsimc\/\",\"name\":\"Om WSIMC - WSIMC WSIMC\",\"isPartOf\":{\"@id\":\"https:\/\/www.stenhammarcompetition.se\/sv\/#website\"},\"datePublished\":\"2019-10-14T12:04:55+00:00\",\"dateModified\":\"2025-09-05T11:27:34+00:00\",\"description\":\"T\u00e4vlingen \u00e4r en \u00e5tta dagar l\u00e5ng t\u00e4vling och musikfestival. WSIMC ger publiken en unik m\u00f6jlighet att uppt\u00e4cka v\u00e5ra kommande v\u00e4rldsstj\u00e4rnor. V\u00e4lkommen!\",\"breadcrumb\":{\"@id\":\"https:\/\/www.stenhammarcompetition.se\/sv\/om-wsimc\/#breadcrumb\"},\"inLanguage\":\"sv-SE\",\"potentialAction\":[{\"@type\":\"ReadAction\",\"target\":[\"https:\/\/www.stenhammarcompetition.se\/sv\/om-wsimc\/\"]}]},{\"@type\":\"BreadcrumbList\",\"@id\":\"https:\/\/www.stenhammarcompetition.se\/sv\/om-wsimc\/#breadcrumb\",\"itemListElement\":[{\"@type\":\"ListItem\",\"position\":1,\"name\":\"WSIMC\",\"item\":\"https:\/\/www.stenhammarcompetition.se\/sv\/\"},{\"@type\":\"ListItem\",\"position\":2,\"name\":\"Om WSIMC\"}]},{\"@type\":\"WebSite\",\"@id\":\"https:\/\/www.stenhammarcompetition.se\/sv\/#website\",\"url\":\"https:\/\/www.stenhammarcompetition.se\/sv\/\",\"name\":\"WSIMC\",\"description\":\"Wilhelm Stenhammar International Music Competition\",\"potentialAction\":[{\"@type\":\"SearchAction\",\"target\":{\"@type\":\"EntryPoint\",\"urlTemplate\":\"https:\/\/www.stenhammarcompetition.se\/sv\/?s={search_term_string}\"},\"query-input\":\"required name=search_term_string\"}],\"inLanguage\":\"sv-SE\"}]}<\/script>\n<!-- \/ Yoast SEO plugin. -->","yoast_head_json":{"title":"Om WSIMC - WSIMC WSIMC","description":"T\u00e4vlingen \u00e4r en \u00e5tta dagar l\u00e5ng t\u00e4vling och musikfestival. WSIMC ger publiken en unik m\u00f6jlighet att uppt\u00e4cka v\u00e5ra kommande v\u00e4rldsstj\u00e4rnor. V\u00e4lkommen!","robots":{"index":"index","follow":"follow","max-snippet":"max-snippet:-1","max-image-preview":"max-image-preview:large","max-video-preview":"max-video-preview:-1"},"canonical":"https:\/\/www.stenhammarcompetition.se\/sv\/om-wsimc\/","og_locale":"sv_SE","og_type":"article","og_title":"Om WSIMC - WSIMC WSIMC","og_description":"T\u00e4vlingen \u00e4r en \u00e5tta dagar l\u00e5ng t\u00e4vling och musikfestival. WSIMC ger publiken en unik m\u00f6jlighet att uppt\u00e4cka v\u00e5ra kommande v\u00e4rldsstj\u00e4rnor. V\u00e4lkommen!","og_url":"https:\/\/www.stenhammarcompetition.se\/sv\/om-wsimc\/","og_site_name":"WSIMC","article_modified_time":"2025-09-05T11:27:34+00:00","og_image":[{"url":"https:\/\/www.stenhammarcompetition.se\/wp-content\/uploads\/2019\/09\/feather.png"}],"twitter_card":"summary_large_image","twitter_misc":{"Ber\u00e4knad l\u00e4stid":"4 minuter"},"schema":{"@context":"https:\/\/schema.org","@graph":[{"@type":"WebPage","@id":"https:\/\/www.stenhammarcompetition.se\/sv\/om-wsimc\/","url":"https:\/\/www.stenhammarcompetition.se\/sv\/om-wsimc\/","name":"Om WSIMC - WSIMC WSIMC","isPartOf":{"@id":"https:\/\/www.stenhammarcompetition.se\/sv\/#website"},"datePublished":"2019-10-14T12:04:55+00:00","dateModified":"2025-09-05T11:27:34+00:00","description":"T\u00e4vlingen \u00e4r en \u00e5tta dagar l\u00e5ng t\u00e4vling och musikfestival. WSIMC ger publiken en unik m\u00f6jlighet att uppt\u00e4cka v\u00e5ra kommande v\u00e4rldsstj\u00e4rnor. V\u00e4lkommen!","breadcrumb":{"@id":"https:\/\/www.stenhammarcompetition.se\/sv\/om-wsimc\/#breadcrumb"},"inLanguage":"sv-SE","potentialAction":[{"@type":"ReadAction","target":["https:\/\/www.stenhammarcompetition.se\/sv\/om-wsimc\/"]}]},{"@type":"BreadcrumbList","@id":"https:\/\/www.stenhammarcompetition.se\/sv\/om-wsimc\/#breadcrumb","itemListElement":[{"@type":"ListItem","position":1,"name":"WSIMC","item":"https:\/\/www.stenhammarcompetition.se\/sv\/"},{"@type":"ListItem","position":2,"name":"Om WSIMC"}]},{"@type":"WebSite","@id":"https:\/\/www.stenhammarcompetition.se\/sv\/#website","url":"https:\/\/www.stenhammarcompetition.se\/sv\/","name":"WSIMC","description":"Wilhelm Stenhammar International Music Competition","potentialAction":[{"@type":"SearchAction","target":{"@type":"EntryPoint","urlTemplate":"https:\/\/www.stenhammarcompetition.se\/sv\/?s={search_term_string}"},"query-input":"required name=search_term_string"}],"inLanguage":"sv-SE"}]}},"_links":{"self":[{"href":"https:\/\/www.stenhammarcompetition.se\/sv\/wp-json\/wp\/v2\/pages\/792"}],"collection":[{"href":"https:\/\/www.stenhammarcompetition.se\/sv\/wp-json\/wp\/v2\/pages"}],"about":[{"href":"https:\/\/www.stenhammarcompetition.se\/sv\/wp-json\/wp\/v2\/types\/page"}],"author":[{"embeddable":true,"href":"https:\/\/www.stenhammarcompetition.se\/sv\/wp-json\/wp\/v2\/users\/1"}],"replies":[{"embeddable":true,"href":"https:\/\/www.stenhammarcompetition.se\/sv\/wp-json\/wp\/v2\/comments?post=792"}],"version-history":[{"count":18,"href":"https:\/\/www.stenhammarcompetition.se\/sv\/wp-json\/wp\/v2\/pages\/792\/revisions"}],"predecessor-version":[{"id":10636,"href":"https:\/\/www.stenhammarcompetition.se\/sv\/wp-json\/wp\/v2\/pages\/792\/revisions\/10636"}],"wp:attachment":[{"href":"https:\/\/www.stenhammarcompetition.se\/sv\/wp-json\/wp\/v2\/media?parent=792"}],"curies":[{"name":"wp","href":"https:\/\/api.w.org\/{rel}","templated":true}]}}