{"version":"1.0","provider_name":"WSIMC","provider_url":"https:\/\/www.stenhammarcompetition.se\/sv\/","author_name":"hamren","author_url":"https:\/\/www.stenhammarcompetition.se\/sv\/author\/hamren\/","title":"Internationella musikt\u00e4vlingar m\u00f6ts - WSIMC","type":"rich","width":600,"height":338,"html":"<blockquote class=\"wp-embedded-content\" data-secret=\"4afMxlP9I7\"><a href=\"https:\/\/www.stenhammarcompetition.se\/sv\/internationella-musiktavlingar-mots\/\">Internationella musikt\u00e4vlingar m\u00f6ts<\/a><\/blockquote><iframe sandbox=\"allow-scripts\" security=\"restricted\" src=\"https:\/\/www.stenhammarcompetition.se\/sv\/internationella-musiktavlingar-mots\/embed\/#?secret=4afMxlP9I7\" width=\"600\" height=\"338\" title=\"\u201dInternationella musikt\u00e4vlingar m\u00f6ts\u201d &ndash; WSIMC\" data-secret=\"4afMxlP9I7\" frameborder=\"0\" marginwidth=\"0\" marginheight=\"0\" scrolling=\"no\" class=\"wp-embedded-content\"><\/iframe><script type=\"text\/javascript\">\n\/*! This file is auto-generated *\/\n!function(c,d){\"use strict\";var e=!1,o=!1;if(d.querySelector)if(c.addEventListener)e=!0;if(c.wp=c.wp||{},c.wp.receiveEmbedMessage);else if(c.wp.receiveEmbedMessage=function(e){var t=e.data;if(!t);else if(!(t.secret||t.message||t.value));else if(\/[^a-zA-Z0-9]\/.test(t.secret));else{for(var r,s,a,i=d.querySelectorAll('iframe[data-secret=\"'+t.secret+'\"]'),n=d.querySelectorAll('blockquote[data-secret=\"'+t.secret+'\"]'),o=new RegExp(\"^https?:$\",\"i\"),l=0;l<n.length;l++)n[l].style.display=\"none\";for(l=0;l<i.length;l++)if(r=i[l],e.source!==r.contentWindow);else{if(r.removeAttribute(\"style\"),\"height\"===t.message){if(1e3<(s=parseInt(t.value,10)))s=1e3;else if(~~s<200)s=200;r.height=s}if(\"link\"===t.message)if(s=d.createElement(\"a\"),a=d.createElement(\"a\"),s.href=r.getAttribute(\"src\"),a.href=t.value,!o.test(a.protocol));else if(a.host===s.host)if(d.activeElement===r)c.top.location.href=t.value}}},e)c.addEventListener(\"message\",c.wp.receiveEmbedMessage,!1),d.addEventListener(\"DOMContentLoaded\",t,!1),c.addEventListener(\"load\",t,!1);function t(){if(o);else{o=!0;for(var e,t,r,s=-1!==navigator.appVersion.indexOf(\"MSIE 10\"),a=!!navigator.userAgent.match(\/Trident.*rv:11\\.\/),i=d.querySelectorAll(\"iframe.wp-embedded-content\"),n=0;n<i.length;n++){if(!(r=(t=i[n]).getAttribute(\"data-secret\")))r=Math.random().toString(36).substr(2,10),t.src+=\"#?secret=\"+r,t.setAttribute(\"data-secret\",r);if(s||a)(e=t.cloneNode(!0)).removeAttribute(\"security\"),t.parentNode.replaceChild(e,t);t.contentWindow.postMessage({message:\"ready\",secret:r},\"*\")}}}}(window,document);\n<\/script>\n","thumbnail_url":"https:\/\/www.stenhammarcompetition.se\/wp-content\/uploads\/2019\/10\/DSCF9466-768xddd512.jpg","thumbnail_width":722,"thumbnail_height":305,"description":"\u201dMycket musik ska det bli, bland annat konserter med nystartade Pratt\u00e9festivalen, men fr\u00e4mst mycket diskussioner. V\u00e4rdinnan Sonja Stenhammar hoppas p\u00e5 utvecklande samtal f\u00f6r alla, ett givande och ett tagande.\u201d Kolla h\u00e4r f\u00f6r mer information! Foto: Ann-Charlotte Sandelin"}